{"id":19423,"date":"2015-05-26T14:12:18","date_gmt":"2015-05-26T14:12:18","guid":{"rendered":"https:\/\/www.taxi-innsbruck-airport.com\/meist-gefahrene-skigebiete\/"},"modified":"2022-10-04T15:27:13","modified_gmt":"2022-10-04T15:27:13","slug":"die-mest-populaere-skiomraader","status":"publish","type":"page","link":"https:\/\/www.taxi-innsbruck-airport.com\/da\/die-mest-populaere-skiomraader\/","title":{"rendered":"Die mest popul\u00e6re skiomr\u00e5der"},"content":{"rendered":"<div class=\"wpb-content-wrapper\"><p>[vc_row][vc_column][vc_empty_space height=&#8221;35px&#8221;][vc_column_text]<\/p>\n<h2><strong>Lav din reservation i god tid og sikre dig den bedste pris for din transfer!<\/strong><\/h2>\n<p class=\"p1\"><strong>Sikre dig op til 40% prisfordel for din transfer fra lufthavnen Innsbruck, n\u00e5r du laver din reservation nu!<\/strong><\/p>\n<p class=\"p1\"><strong>Vi tilbyder udelukkende privattransfers i de nyeste biler fra Mercedes Benz. Vores chauff\u00f8rer har lokalkendskab, er flersprogede og hj\u00e6lpsomme.\u00a0<\/strong><\/p>\n<p>[\/vc_column_text][vc_empty_space height=&#8221;35px&#8221;][\/vc_column][\/vc_row][vc_row margin_bottom=&#8221;20&#8243;][vc_column width=&#8221;1\/3&#8243; offset=&#8221;vc_col-sm-offset-0 vc_hidden-xs&#8221;][vc_single_image image=&#8221;16395&#8243; img_size=&#8221;full&#8221; alignment=&#8221;center&#8221; css_animation=&#8221;fadeInLeft&#8221;][\/vc_column][vc_column width=&#8221;1\/3&#8243; offset=&#8221;vc_col-sm-offset-0 vc_hidden-xs&#8221;][vc_single_image image=&#8221;16404&#8243; img_size=&#8221;full&#8221; alignment=&#8221;center&#8221; css_animation=&#8221;fadeInLeft&#8221;][\/vc_column][vc_column width=&#8221;1\/3&#8243; offset=&#8221;vc_col-sm-offset-0 vc_hidden-xs&#8221;][vc_single_image image=&#8221;16393&#8243; img_size=&#8221;full&#8221; alignment=&#8221;center&#8221; css_animation=&#8221;fadeInLeft&#8221;][\/vc_column][\/vc_row][vc_row margin_bottom=&#8221;20&#8243;][vc_column offset=&#8221;vc_hidden-lg vc_hidden-md vc_col-sm-offset-0 vc_hidden-sm&#8221;][vc_single_image image=&#8221;16617&#8243; img_size=&#8221;full&#8221; alignment=&#8221;center&#8221; css_animation=&#8221;fadeInLeft&#8221;][\/vc_column][\/vc_row][vc_row gap=&#8221;10&#8243; equal_height=&#8221;yes&#8221; margin_bottom=&#8221;40&#8243; css=&#8221;.vc_custom_1635259155043{margin-bottom: 20px !important;}&#8221;][vc_column width=&#8221;1\/3&#8243;]<section class=\"shortcode-teaser img-full frame-fancy frame-on fadeInRight animate-element\"><div class=\"shortcode-teaser-img\"><a class=\"rollover\" href=\"https:\/\/www.taxi-innsbruck-airport.com\/da\/transfer-med-taxa-fra-lufthavnen-innsbruck-til-obergurgl\/\"><img decoding=\"async\" src=\"https:\/\/www.taxi-innsbruck-airport.com\/wp-content\/uploads\/2015\/05\/Transfer-innsbruck-airport-obergurgl.jpg\" srcset=\"https:\/\/www.taxi-innsbruck-airport.com\/wp-content\/uploads\/2015\/05\/Transfer-innsbruck-airport-obergurgl.jpg 350w\" alt=\"Taxi Innsbruck Airport Obergurgl\" width=\"350\" height=\"230\" \/><\/a><\/div><div class=\"shortcode-teaser-content text-big\"><p style=\"text-align: center;\"><img decoding=\"async\" class=\"alignnone wp-image-15440 size-full\" src=\"https:\/\/www.taxi-innsbruck-airport.com\/wp-content\/uploads\/2014\/03\/obergurgl.png\" alt=\"taxi innsbruck obergurgl\" width=\"153\" height=\"92\" \/><a class=\"dt-single-image\" href=\"https:\/\/www.taxi-innsbruck-airport.com\/wp-content\/uploads\/2014\/03\/obergurgl.png\" data-dt-img-description=\"\"><br \/>\n<\/a>Innsbruck Airport &#8211; Obergurgl<br \/>\nVi har de bedste priser!<\/p>\n<p style=\"text-align: center;\"><strong><span style=\"text-decoration: line-through;\">\u20ac 209,-<\/span><\/strong><\/p>\n<h2 style=\"text-align: center;\"><span style=\"color: #e74348;\">\u20ac 174,-<\/span><\/h2>\n<p style=\"text-align: center;\">Mercedes Vito<br \/>\nmaksimalt 8 personer<\/p>\n<p style=\"text-align: center;\"><a href=\"https:\/\/www.taxi-innsbruck-airport.com\/da\/transfer-med-taxa-fra-lufthavnen-innsbruck-til-obergurgl\/\" class=\"btn-shortcode dt-btn-m dt-btn default-btn-color default-btn-hover-color default-btn-bg-color default-btn-bg-hover-color\" id=\"dt-btn-1\"><span>Lav reservation nu<\/span><\/a><\/p>\n<\/div><\/section>[\/vc_column][vc_column width=&#8221;1\/3&#8243;]<section class=\"shortcode-teaser img-full frame-fancy frame-on fadeInRight animate-element\"><div class=\"shortcode-teaser-img\"><a class=\"rollover\" href=\"https:\/\/www.taxi-innsbruck-airport.com\/da\/transfer-med-taxa-fra-lufthavnen-innsbruck-til-ischgl\/\"><img decoding=\"async\" src=\"https:\/\/www.taxi-innsbruck-airport.com\/wp-content\/uploads\/2015\/05\/Transfer-innsbruck-airport-ischgl.jpg\" srcset=\"https:\/\/www.taxi-innsbruck-airport.com\/wp-content\/uploads\/2015\/05\/Transfer-innsbruck-airport-ischgl.jpg 350w\" alt=\"Transfer innsbruck airport ischgl\" width=\"350\" height=\"230\" \/><\/a><\/div><div class=\"shortcode-teaser-content text-big\"><p style=\"text-align: center;\"><img decoding=\"async\" class=\"alignnone wp-image-15441 size-full\" src=\"https:\/\/www.taxi-innsbruck-airport.com\/wp-content\/uploads\/2014\/03\/ischgl1.png\" alt=\"taxi innsbruck ischgl\" width=\"153\" height=\"92\" \/><a class=\"dt-single-image\" href=\"https:\/\/www.taxi-innsbruck-airport.com\/wp-content\/uploads\/2014\/03\/ischgl1.png\" data-dt-img-description=\"\"><br \/>\n<\/a>Innsbruck Airport &#8211;\u00a0Ischgl<br \/>\nVi har de bedste priser!<\/p>\n<p style=\"text-align: center;\"><strong><span style=\"text-decoration: line-through;\">\u20ac 200,-<\/span><\/strong><\/p>\n<h2 style=\"text-align: center;\"><span style=\"color: #e74348;\">\u20ac 167,-<\/span><\/h2>\n<p style=\"text-align: center;\">Mercedes Vito<br \/>\nmaksimalt 8 personer<\/p>\n<p style=\"text-align: center;\"><a href=\"https:\/\/www.taxi-innsbruck-airport.com\/da\/transfer-med-taxa-fra-lufthavnen-innsbruck-til-ischgl\/\" class=\"btn-shortcode dt-btn-m dt-btn default-btn-color default-btn-hover-color default-btn-bg-color default-btn-bg-hover-color\" id=\"dt-btn-2\"><span>Lav reservation nu<\/span><\/a><\/p>\n<\/div><\/section>[\/vc_column][vc_column width=&#8221;1\/3&#8243;]<section class=\"shortcode-teaser img-full frame-fancy frame-on fadeInRight animate-element\"><div class=\"shortcode-teaser-img\"><a class=\"rollover\" href=\"https:\/\/www.taxi-innsbruck-airport.com\/da\/transfer-med-taxa-fra-lufthavnen-innsbruck-til-soelden\/\"><img decoding=\"async\" src=\"https:\/\/www.taxi-innsbruck-airport.com\/wp-content\/uploads\/2015\/05\/Transfer-innsbruck-airport-soelden.jpg\" srcset=\"https:\/\/www.taxi-innsbruck-airport.com\/wp-content\/uploads\/2015\/05\/Transfer-innsbruck-airport-soelden.jpg 350w\" alt=\"Transfer innsbruck airport s\u00f6lden\" width=\"350\" height=\"230\" \/><\/a><\/div><div class=\"shortcode-teaser-content text-big\"><p style=\"text-align: center;\"><img decoding=\"async\" class=\"aligncenter wp-image-15445 size-full\" src=\"https:\/\/www.taxi-innsbruck-airport.com\/wp-content\/uploads\/2014\/03\/solden.png\" alt=\"taxi innsbruck solden\" width=\"153\" height=\"92\" \/>Innsbruck Airport &#8211; S\u00f6lden<br \/>\nVi har de bedste priser!<\/p>\n<p style=\"text-align: center;\"><strong><span style=\"text-decoration: line-through;\">\u20ac 172,-<\/span><\/strong><\/p>\n<h2 style=\"text-align: center;\"><span style=\"color: #e74348;\">\u20ac 143,-<\/span><\/h2>\n<p style=\"text-align: center;\">Mercedes Vito<br \/>\nmaksimalt 8 personer<\/p>\n<p style=\"text-align: center;\"><a href=\"https:\/\/www.taxi-innsbruck-airport.com\/da\/transfer-med-taxa-fra-lufthavnen-innsbruck-til-soelden\/\" class=\"btn-shortcode dt-btn-m dt-btn default-btn-color default-btn-hover-color default-btn-bg-color default-btn-bg-hover-color\" id=\"dt-btn-3\"><span>Lav reservation nu<\/span><\/a><\/p>\n<\/div><\/section>[\/vc_column][\/vc_row][vc_row gap=&#8221;10&#8243; equal_height=&#8221;yes&#8221; margin_bottom=&#8221;40&#8243; css=&#8221;.vc_custom_1635259165904{margin-bottom: 20px !important;}&#8221;][vc_column width=&#8221;1\/3&#8243;]<section class=\"shortcode-teaser img-full frame-fancy frame-on fadeInRight animate-element\"><div class=\"shortcode-teaser-img\"><a class=\"rollover\" href=\"https:\/\/www.taxi-innsbruck-airport.com\/da\/transfer-med-taxa-fra-lufthavnen-innsbruck-til-gerlos\/\"><img decoding=\"async\" src=\"https:\/\/www.taxi-innsbruck-airport.com\/wp-content\/uploads\/2015\/05\/Transfer-innsbruck-airport-gerlos.jpg\" srcset=\"https:\/\/www.taxi-innsbruck-airport.com\/wp-content\/uploads\/2015\/05\/Transfer-innsbruck-airport-gerlos.jpg 350w\" alt=\"Taxi Innsbruck Airport nach Gerlos\" width=\"350\" height=\"230\" \/><\/a><\/div><div class=\"shortcode-teaser-content text-big\"><p style=\"text-align: center;\"><img decoding=\"async\" class=\"aligncenter wp-image-15447 size-full\" src=\"https:\/\/www.taxi-innsbruck-airport.com\/wp-content\/uploads\/2014\/03\/gerlos.png\" alt=\"taxi innsbruck gerlos\" width=\"153\" height=\"92\" \/>Innsbruck Airport &#8211;\u00a0Gerlos<br \/>\nVi har de bedste priser!<\/p>\n<p style=\"text-align: center;\"><strong><span style=\"text-decoration: line-through;\">\u20ac 172,-<\/span><\/strong><\/p>\n<h2 style=\"text-align: center;\"><span style=\"color: #e74348;\">\u20ac 143,-<\/span><\/h2>\n<p style=\"text-align: center;\">Mercedes Vito<br \/>\nmaksimalt 8 personer<\/p>\n<p style=\"text-align: center;\"><a href=\"https:\/\/www.taxi-innsbruck-airport.com\/da\/transfer-med-taxa-fra-lufthavnen-innsbruck-til-gerlos\/\" class=\"btn-shortcode dt-btn-m dt-btn default-btn-color default-btn-hover-color default-btn-bg-color default-btn-bg-hover-color\" id=\"dt-btn-4\"><span>Lav reservation nu<\/span><\/a><\/p>\n<\/div><\/section>[\/vc_column][vc_column width=&#8221;1\/3&#8243;]<section class=\"shortcode-teaser img-full frame-fancy frame-on fadeInRight animate-element\"><div class=\"shortcode-teaser-img\"><a class=\"rollover\" href=\"https:\/\/www.taxi-innsbruck-airport.com\/da\/transfer-med-taxa-fra-lufthavnen-innsbruck-til-lech-am-arlberg\/\"><img decoding=\"async\" src=\"https:\/\/www.taxi-innsbruck-airport.com\/wp-content\/uploads\/2015\/05\/Transfer-innsbruck-airport-lech-zuers-am-arlberg.jpg\" srcset=\"https:\/\/www.taxi-innsbruck-airport.com\/wp-content\/uploads\/2015\/05\/Transfer-innsbruck-airport-lech-zuers-am-arlberg.jpg 350w\" alt=\"Transfer innsbruck airport Lech am Arlberg\" width=\"350\" height=\"230\" \/><\/a><\/div><div class=\"shortcode-teaser-content text-big\"><p style=\"text-align: center;\"><img decoding=\"async\" class=\"aligncenter wp-image-15448 size-full\" src=\"https:\/\/www.taxi-innsbruck-airport.com\/wp-content\/uploads\/2014\/03\/lech.png\" alt=\"taxi innsbruck lech arlberg\" width=\"153\" height=\"92\" \/>Innsbruck Airport \u2013 Lech am Arlberg<br \/>\nVi har de bedste priser!<\/p>\n<p style=\"text-align: center;\"><strong><span style=\"text-decoration: line-through;\">\u20ac 244,-<\/span><\/strong><\/p>\n<h2 style=\"text-align: center;\"><span style=\"color: #e74348;\">\u20ac 203,-<\/span><\/h2>\n<p style=\"text-align: center;\">Mercedes Vito<br \/>\nmaksimalt 8 personer<\/p>\n<p style=\"text-align: center;\"><a href=\"https:\/\/www.taxi-innsbruck-airport.com\/da\/transfer-med-taxa-fra-lufthavnen-innsbruck-til-lech-am-arlberg\/\" class=\"btn-shortcode dt-btn-m dt-btn default-btn-color default-btn-hover-color default-btn-bg-color default-btn-bg-hover-color\" id=\"dt-btn-5\"><span>Lav reservation nu<\/span><\/a><\/p>\n<\/div><\/section>[\/vc_column][vc_column width=&#8221;1\/3&#8243;]<section class=\"shortcode-teaser img-full frame-fancy frame-on fadeInRight animate-element\"><div class=\"shortcode-teaser-img\"><a class=\"rollover\" href=\"https:\/\/www.taxi-innsbruck-airport.com\/da\/transfer-med-taxa-fra-lufthavnen-innsbruck-til-st-anton-am-arlberg\/\"><img decoding=\"async\" src=\"https:\/\/www.taxi-innsbruck-airport.com\/wp-content\/uploads\/2015\/05\/Transfer-innsbruck-airport-st-anton-am-arlberg.jpg\" srcset=\"https:\/\/www.taxi-innsbruck-airport.com\/wp-content\/uploads\/2015\/05\/Transfer-innsbruck-airport-st-anton-am-arlberg.jpg 350w\" alt=\"Transfer innsbruck airport st. Anton am Arlberg\" width=\"350\" height=\"230\" \/><\/a><\/div><div class=\"shortcode-teaser-content text-big\"><p style=\"text-align: center;\"><img decoding=\"async\" class=\"aligncenter wp-image-15451 size-full\" src=\"https:\/\/www.taxi-innsbruck-airport.com\/wp-content\/uploads\/2014\/03\/st-anton-am-arlberg.png\" alt=\"taxi innsbruck st anton am arlberg\" width=\"153\" height=\"92\" \/>Innsbruck Airport \u2013\u00a0St. Anton am Arlberg<br \/>\nVi har de bedste priser!<\/p>\n<p style=\"text-align: center;\"><strong><span style=\"text-decoration: line-through;\">\u20ac 200,-<\/span><\/strong><\/p>\n<h2 style=\"text-align: center;\"><span style=\"color: #e74348;\">\u20ac 167,-<\/span><\/h2>\n<p style=\"text-align: center;\">Mercedes Vito<br \/>\nmaksimalt 8 personer<\/p>\n<p style=\"text-align: center;\"><a href=\"https:\/\/www.taxi-innsbruck-airport.com\/da\/transfer-med-taxa-fra-lufthavnen-innsbruck-til-st-anton-am-arlberg\/\" class=\"btn-shortcode dt-btn-m dt-btn default-btn-color default-btn-hover-color default-btn-bg-color default-btn-bg-hover-color\" id=\"dt-btn-6\"><span>Lav reservation nu<\/span><\/a><\/p>\n<\/div><\/section>[\/vc_column][\/vc_row][vc_row gap=&#8221;10&#8243; equal_height=&#8221;yes&#8221; margin_bottom=&#8221;40&#8243; css=&#8221;.vc_custom_1635259174724{margin-bottom: 20px !important;}&#8221;][vc_column width=&#8221;1\/3&#8243;]<section class=\"shortcode-teaser img-full frame-fancy frame-on fadeInRight animate-element\"><div class=\"shortcode-teaser-img\"><a class=\"rollover\" href=\"https:\/\/www.taxi-innsbruck-airport.com\/da\/transfer-med-taxa-fra-lufthavnen-innsbruck-til-mayrhofen\/\"><img decoding=\"async\" src=\"https:\/\/www.taxi-innsbruck-airport.com\/wp-content\/uploads\/2015\/05\/Transfer-innsbruck-airport-mayrhofen.jpg\" srcset=\"https:\/\/www.taxi-innsbruck-airport.com\/wp-content\/uploads\/2015\/05\/Transfer-innsbruck-airport-mayrhofen.jpg 350w\" alt=\"Taxi Innsbruck Airport nach Mayrhofen\" width=\"350\" height=\"230\" \/><\/a><\/div><div class=\"shortcode-teaser-content text-big\"><p style=\"text-align: center;\"><img decoding=\"async\" class=\"aligncenter wp-image-15468 size-full\" src=\"https:\/\/www.taxi-innsbruck-airport.com\/wp-content\/uploads\/2014\/03\/mayrhofen.png\" alt=\"taxi innsbruck mayrhofen\" width=\"153\" height=\"92\" \/>Innsbruck Airport \u2013\u00a0Mayrhofen<br \/>\nVi har de bedste priser!<\/p>\n<p style=\"text-align: center;\"><strong><span style=\"text-decoration: line-through;\">\u20ac 164,-<\/span><\/strong><\/p>\n<h2 style=\"text-align: center;\"><span style=\"color: #e74348;\">\u20ac 137,-<\/span><\/h2>\n<p style=\"text-align: center;\">Mercedes Vito<br \/>\nmaksimalt 8 personer<\/p>\n<p style=\"text-align: center;\"><a href=\"https:\/\/www.taxi-innsbruck-airport.com\/da\/transfer-med-taxa-fra-lufthavnen-innsbruck-til-mayrhofen\/\" class=\"btn-shortcode dt-btn-m dt-btn default-btn-color default-btn-hover-color default-btn-bg-color default-btn-bg-hover-color\" id=\"dt-btn-7\"><span>Lav reservation nu<\/span><\/a><\/p>\n<\/div><\/section>[\/vc_column][vc_column width=&#8221;1\/3&#8243;]<section class=\"shortcode-teaser img-full frame-fancy frame-on fadeInRight animate-element\"><div class=\"shortcode-teaser-img\"><a class=\"rollover\" href=\"https:\/\/www.taxi-innsbruck-airport.com\/da\/transfer-med-taxa-fra-lufthavnen-innsbruck-til-kitzbuehel\/\"><img decoding=\"async\" src=\"https:\/\/www.taxi-innsbruck-airport.com\/wp-content\/uploads\/2015\/05\/Transfer-innsbruck-airport-kitzbuehel.jpg\" srcset=\"https:\/\/www.taxi-innsbruck-airport.com\/wp-content\/uploads\/2015\/05\/Transfer-innsbruck-airport-kitzbuehel.jpg 350w\" alt=\"Taxi Innsbruck Airport nach Kitzb\u00fchel\" width=\"350\" height=\"320\" \/><\/a><\/div><div class=\"shortcode-teaser-content text-big\"><p style=\"text-align: center;\"><img decoding=\"async\" class=\"size-full wp-image-15478 aligncenter\" src=\"https:\/\/www.taxi-innsbruck-airport.com\/wp-content\/uploads\/2014\/03\/kitzbuhel.png\" alt=\"taxi innsbruck kitzb\u00fchel\" width=\"153\" height=\"92\" \/>Innsbruck Airport \u2013\u00a0Kitzb\u00fchel<br \/>\nVi har de bedste priser!<\/p>\n<p style=\"text-align: center;\"><strong><span style=\"text-decoration: line-through;\">\u20ac 208,-<\/span><\/strong><\/p>\n<h2 style=\"text-align: center;\"><span style=\"color: #e74348;\">\u20ac 173,-<\/span><\/h2>\n<p style=\"text-align: center;\">Mercedes Vito<br \/>\nmaksimalt 8 personer<\/p>\n<p style=\"text-align: center;\"><a href=\"https:\/\/www.taxi-innsbruck-airport.com\/da\/transfer-med-taxa-fra-lufthavnen-innsbruck-til-kitzbuehel\/\" class=\"btn-shortcode dt-btn-m dt-btn default-btn-color default-btn-hover-color default-btn-bg-color default-btn-bg-hover-color\" id=\"dt-btn-8\"><span>Lav reservation nu<\/span><\/a><\/p>\n<\/div><\/section>[\/vc_column][vc_column width=&#8221;1\/3&#8243;]<section class=\"shortcode-teaser img-full frame-fancy frame-on fadeInRight animate-element\"><div class=\"shortcode-teaser-img\"><a class=\"rollover\" href=\"https:\/\/www.taxi-innsbruck-airport.com\/da\/transfer-med-taxa-fra-lufthavnen-innsbruck-til-serfaus-fiss-ladis\/\"><img decoding=\"async\" src=\"https:\/\/www.taxi-innsbruck-airport.com\/wp-content\/uploads\/2015\/05\/Transfer-innsbruck-airport-serfaus-fiss-ladis.jpg\" srcset=\"https:\/\/www.taxi-innsbruck-airport.com\/wp-content\/uploads\/2015\/05\/Transfer-innsbruck-airport-serfaus-fiss-ladis.jpg 350w\" alt=\"Taxi Innsbruck Airport nach Serfaus-Fiss-Ladis\" width=\"350\" height=\"230\" \/><\/a><\/div><div class=\"shortcode-teaser-content text-big\"><p style=\"text-align: center;\"><img decoding=\"async\" class=\"size-full wp-image-15485 aligncenter\" src=\"https:\/\/www.taxi-innsbruck-airport.com\/wp-content\/uploads\/2014\/03\/serfaus.png\" alt=\"taxi innsbruck serfaus\" width=\"153\" height=\"92\" \/>Innsbruck Airport \u2013\u00a0Serfaus-Fiss-Ladis<br \/>\nVi har de bedste priser!<\/p>\n<p style=\"text-align: center;\"><strong><span style=\"text-decoration: line-through;\">\u20ac 208,-<\/span><\/strong><\/p>\n<h2 style=\"text-align: center;\"><span style=\"color: #e74348;\">\u20ac 173,-<\/span><\/h2>\n<p style=\"text-align: center;\">Mercedes Vito<br \/>\nmaksimalt 8 personer<\/p>\n<p style=\"text-align: center;\"><a href=\"https:\/\/www.taxi-innsbruck-airport.com\/da\/transfer-med-taxa-fra-lufthavnen-innsbruck-til-serfaus-fiss-ladis\/\" class=\"btn-shortcode dt-btn-m dt-btn default-btn-color default-btn-hover-color default-btn-bg-color default-btn-bg-hover-color\" id=\"dt-btn-9\"><span>Lav reservation nu<\/span><\/a><\/p>\n<\/div><\/section>[\/vc_column][\/vc_row][vc_row gap=&#8221;10&#8243; equal_height=&#8221;yes&#8221; margin_bottom=&#8221;40&#8243; css=&#8221;.vc_custom_1635259182594{margin-bottom: 20px !important;}&#8221;][vc_column width=&#8221;1\/3&#8243;]<section class=\"shortcode-teaser img-full frame-fancy frame-on fadeInRight animate-element\"><div class=\"shortcode-teaser-img\"><a class=\"rollover\" href=\"https:\/\/www.taxi-innsbruck-airport.com\/da\/transfer-med-taxa-fra-lufthavnen-innsbruck-til-selva-val-gardena\/\"><img decoding=\"async\" src=\"https:\/\/www.taxi-innsbruck-airport.com\/wp-content\/uploads\/2014\/03\/Transfer-innsbruck-airport-wolkenstein.jpg\" srcset=\"https:\/\/www.taxi-innsbruck-airport.com\/wp-content\/uploads\/2014\/03\/Transfer-innsbruck-airport-wolkenstein.jpg 0w\" alt=\"Taxi Innsbruck Airport nach Wolkenstein\" \/><\/a><\/div><div class=\"shortcode-teaser-content text-big\"><p style=\"text-align: center;\"><img decoding=\"async\" class=\"aligncenter wp-image-16227 size-full\" src=\"https:\/\/www.taxi-innsbruck-airport.com\/wp-content\/uploads\/2014\/03\/wolkenstein.png\" alt=\"transfers innsbruck wolkenstein\" width=\"96\" height=\"76\" \/>Innsbruck Airport \u2013\u00a0Wolkenstein<br \/>\nVi har de bedste priser!<\/p>\n<p style=\"text-align: center;\"><strong><span style=\"text-decoration: line-through;\">\u20ac 251,-<\/span><\/strong><\/p>\n<h2 style=\"text-align: center;\"><span style=\"color: #e74348;\">\u20ac 209,-<\/span><\/h2>\n<p style=\"text-align: center;\">Mercedes Vito<br \/>\nmaksimalt 8 personer<\/p>\n<p style=\"text-align: center;\"><a href=\"https:\/\/www.taxi-innsbruck-airport.com\/da\/transfer-med-taxa-fra-lufthavnen-innsbruck-til-selva-val-gardena\/\" class=\"btn-shortcode dt-btn-m dt-btn default-btn-color default-btn-hover-color default-btn-bg-color default-btn-bg-hover-color\" id=\"dt-btn-10\"><span>Lav reservation nu<\/span><\/a><\/p>\n<\/div><\/section>[\/vc_column][vc_column width=&#8221;1\/3&#8243;]<section class=\"shortcode-teaser img-full frame-fancy frame-on fadeInRight animate-element\"><div class=\"shortcode-teaser-img\"><a class=\"rollover\" href=\"https:\/\/www.taxi-innsbruck-airport.com\/da\/transfer-med-taxa-fra-lufthavnen-innsbruck-til-cortina\/\"><img decoding=\"async\" src=\"https:\/\/www.taxi-innsbruck-airport.com\/wp-content\/uploads\/2014\/03\/Transfer-innsbruck-airport-cortina.jpg\" srcset=\"https:\/\/www.taxi-innsbruck-airport.com\/wp-content\/uploads\/2014\/03\/Transfer-innsbruck-airport-cortina.jpg 350w\" alt=\"Taxi Innsbruck Airport nach Cortina\" width=\"350\" height=\"320\" \/><\/a><\/div><div class=\"shortcode-teaser-content text-big\"><p style=\"text-align: center;\"><img decoding=\"async\" class=\"aligncenter wp-image-16231 size-full\" src=\"https:\/\/www.taxi-innsbruck-airport.com\/wp-content\/uploads\/2014\/03\/cortina.png\" alt=\"Transfer innsbruck to Cortina\" width=\"141\" height=\"82\" \/>Innsbruck Airport \u2013\u00a0Cortina<br \/>\nVi har de bedste priser!<\/p>\n<p style=\"text-align: center;\"><strong><span style=\"text-decoration: line-through;\">\u20ac 344,-<\/span><\/strong><\/p>\n<h2 style=\"text-align: center;\"><span style=\"color: #e74348;\">\u20ac 287,-<\/span><\/h2>\n<p style=\"text-align: center;\">Mercedes Vito<br \/>\nmaksimalt 8 personer<\/p>\n<p style=\"text-align: center;\"><a href=\"https:\/\/www.taxi-innsbruck-airport.com\/da\/transfer-med-taxa-fra-lufthavnen-innsbruck-til-cortina\/\" class=\"btn-shortcode dt-btn-m dt-btn default-btn-color default-btn-hover-color default-btn-bg-color default-btn-bg-hover-color\" id=\"dt-btn-11\"><span>Lav reservation nu<\/span><\/a><\/p>\n<\/div><\/section>[\/vc_column][vc_column width=&#8221;1\/3&#8243;]<section class=\"shortcode-teaser img-full frame-fancy frame-on fadeInRight animate-element\"><div class=\"shortcode-teaser-img\"><a class=\"rollover\" href=\"https:\/\/www.taxi-innsbruck-airport.com\/da\/transfer-med-taxa-fra-lufthavnen-innsbruck-til-canazei-italy\/\"><img decoding=\"async\" src=\"https:\/\/www.taxi-innsbruck-airport.com\/wp-content\/uploads\/2014\/03\/Transfer-innsbruck-airport-Canazei.jpg\" srcset=\"https:\/\/www.taxi-innsbruck-airport.com\/wp-content\/uploads\/2014\/03\/Transfer-innsbruck-airport-Canazei.jpg 350w\" alt=\"Taxi Innsbruck Airport nach Canazei\" width=\"350\" height=\"230\" \/><\/a><\/div><div class=\"shortcode-teaser-content text-big\"><p style=\"text-align: center;\"><img decoding=\"async\" class=\"aligncenter wp-image-16233 size-full\" src=\"https:\/\/www.taxi-innsbruck-airport.com\/wp-content\/uploads\/2014\/03\/canazei.png\" alt=\"transfer innsbruck to canazei\" width=\"152\" height=\"39\" srcset=\"https:\/\/www.taxi-innsbruck-airport.com\/wp-content\/uploads\/2014\/03\/canazei.png 152w, https:\/\/www.taxi-innsbruck-airport.com\/wp-content\/uploads\/2014\/03\/canazei-150x39.png 150w\" sizes=\"(max-width: 152px) 100vw, 152px\" \/><\/p>\n<p style=\"text-align: center;\">.<\/p>\n<p style=\"text-align: center;\">Innsbruck Airport \u2013\u00a0Canazei<br \/>\nVi har de bedste priser!<\/p>\n<p style=\"text-align: center;\"><strong><span style=\"text-decoration: line-through;\">\u20ac 330,-<\/span><\/strong><\/p>\n<h2 style=\"text-align: center;\"><span style=\"color: #e74348;\">\u20ac 275,-<\/span><\/h2>\n<p style=\"text-align: center;\">Mercedes Vito<br \/>\nmaksimalt 8 personer<\/p>\n<p style=\"text-align: center;\"><a href=\"https:\/\/www.taxi-innsbruck-airport.com\/da\/transfer-med-taxa-fra-lufthavnen-innsbruck-til-canazei-italy\/\" class=\"btn-shortcode dt-btn-m dt-btn default-btn-color default-btn-hover-color default-btn-bg-color default-btn-bg-hover-color\" id=\"dt-btn-12\"><span>Lav reservation nu<\/span><\/a><\/p>\n<\/div><\/section>[\/vc_column][\/vc_row][vc_row gap=&#8221;10&#8243; equal_height=&#8221;yes&#8221; margin_bottom=&#8221;40&#8243; css=&#8221;.vc_custom_1635259190114{margin-bottom: 20px !important;}&#8221;][vc_column width=&#8221;1\/3&#8243;]<section class=\"shortcode-teaser img-full frame-fancy frame-on fadeInRight animate-element\"><div class=\"shortcode-teaser-img\"><a class=\"rollover\" href=\"https:\/\/www.taxi-innsbruck-airport.com\/da\/transfer-med-taxa-fra-lufthavnen-innsbruck-til-corvara\/\"><img decoding=\"async\" src=\"https:\/\/www.taxi-innsbruck-airport.com\/wp-content\/uploads\/2014\/03\/Transfer-innsbruck-airport-corvara.jpg\" srcset=\"https:\/\/www.taxi-innsbruck-airport.com\/wp-content\/uploads\/2014\/03\/Transfer-innsbruck-airport-corvara.jpg 0w\" alt=\"Taxi Innsbruck Airport nach Corvara\" \/><\/a><\/div><div class=\"shortcode-teaser-content text-big\"><p style=\"text-align: center;\"><img decoding=\"async\" class=\"wp-image-16246 size-full aligncenter\" src=\"https:\/\/www.taxi-innsbruck-airport.com\/wp-content\/uploads\/2014\/03\/corvara.png\" alt=\"corvara\" width=\"141\" height=\"82\" \/>Innsbruck Airport \u2013\u00a0Corvara<br \/>\nVi har de bedste priser!<\/p>\n<p style=\"text-align: center;\"><strong><span style=\"text-decoration: line-through;\">\u20ac 316,-<\/span><\/strong><\/p>\n<h2 style=\"text-align: center;\"><span style=\"color: #e74348;\">\u20ac 263,-<\/span><\/h2>\n<p style=\"text-align: center;\">Mercedes Vito<br \/>\nmaksimalt 8 personer<\/p>\n<p style=\"text-align: center;\"><a href=\"https:\/\/www.taxi-innsbruck-airport.com\/da\/transfer-med-taxa-fra-lufthavnen-innsbruck-til-corvara\/\" class=\"btn-shortcode dt-btn-m dt-btn default-btn-color default-btn-hover-color default-btn-bg-color default-btn-bg-hover-color\" id=\"dt-btn-13\"><span>Lav reservation nu<\/span><\/a><\/p>\n<\/div><\/section>[\/vc_column][vc_column width=&#8221;1\/3&#8243;]<section class=\"shortcode-teaser img-full frame-fancy frame-on fadeInRight animate-element\"><div class=\"shortcode-teaser-img\"><a class=\"rollover\" href=\"https:\/\/www.taxi-innsbruck-airport.com\/da\/transfer-med-taxa-fra-lufthavnen-innsbruck-til-ortisei\/\"><img decoding=\"async\" src=\"https:\/\/www.taxi-innsbruck-airport.com\/wp-content\/uploads\/2014\/03\/Transfer-innsbruck-airport-ortisei.jpg\" srcset=\"https:\/\/www.taxi-innsbruck-airport.com\/wp-content\/uploads\/2014\/03\/Transfer-innsbruck-airport-ortisei.jpg 350w\" alt=\"Taxi Innsbruck Airport nach Ortisei\" width=\"350\" height=\"320\" \/><\/a><\/div><div class=\"shortcode-teaser-content text-big\"><p style=\"text-align: center;\"><img decoding=\"async\" class=\"alignnone size-full wp-image-16253\" src=\"https:\/\/www.taxi-innsbruck-airport.com\/wp-content\/uploads\/2014\/03\/ortisei1.png\" alt=\"ortisei\" width=\"152\" height=\"77\" srcset=\"https:\/\/www.taxi-innsbruck-airport.com\/wp-content\/uploads\/2014\/03\/ortisei1.png 152w, https:\/\/www.taxi-innsbruck-airport.com\/wp-content\/uploads\/2014\/03\/ortisei1-150x77.png 150w\" sizes=\"(max-width: 152px) 100vw, 152px\" \/><br \/>\nInnsbruck Airport \u2013\u00a0Ortisei<br \/>\nVi har de bedste priser!<\/p>\n<p style=\"text-align: center;\"><strong><span style=\"text-decoration: line-through;\">\u20ac 251,-<\/span><\/strong><\/p>\n<h2 style=\"text-align: center;\"><span style=\"color: #e74348;\">\u20ac 209,-<\/span><\/h2>\n<p style=\"text-align: center;\">Mercedes Vito<br \/>\nmaksimalt 8 personer<\/p>\n<p style=\"text-align: center;\"><a href=\"https:\/\/www.taxi-innsbruck-airport.com\/da\/transfer-med-taxa-fra-lufthavnen-innsbruck-til-ortisei\/\" class=\"btn-shortcode dt-btn-m dt-btn default-btn-color default-btn-hover-color default-btn-bg-color default-btn-bg-hover-color\" id=\"dt-btn-14\"><span>Lav reservation nu<\/span><\/a><\/p>\n<\/div><\/section>[\/vc_column][vc_column width=&#8221;1\/3&#8243;]<section class=\"shortcode-teaser img-full frame-fancy frame-on fadeInRight animate-element\"><div class=\"shortcode-teaser-img\"><a class=\"rollover\" href=\"https:\/\/www.taxi-innsbruck-airport.com\/da\/transfer-med-taxa-fra-lufthavnen-innsbruck-til-livigno\/\"><img decoding=\"async\" src=\"https:\/\/www.taxi-innsbruck-airport.com\/wp-content\/uploads\/2014\/03\/Transfer-innsbruck-airport-livigno.jpg\" srcset=\"https:\/\/www.taxi-innsbruck-airport.com\/wp-content\/uploads\/2014\/03\/Transfer-innsbruck-airport-livigno.jpg 350w\" alt=\"Taxi Innsbruck Airport nach Livigno\" width=\"350\" height=\"230\" \/><\/a><\/div><div class=\"shortcode-teaser-content text-big\"><p style=\"text-align: center;\"><img decoding=\"async\" class=\"alignnone wp-image-16251 size-full\" src=\"https:\/\/www.taxi-innsbruck-airport.com\/wp-content\/uploads\/2014\/03\/livigno.png\" alt=\"livigno\" width=\"141\" height=\"82\" \/><br \/>\nInnsbruck Airport \u2013\u00a0Livigno<br \/>\nVi har de bedste priser!<\/p>\n<p style=\"text-align: center;\"><strong><span style=\"text-decoration: line-through;\">\u20ac 460,-<\/span><\/strong><\/p>\n<h2 style=\"text-align: center;\"><span style=\"color: #e74348;\">\u20ac 383,-<\/span><\/h2>\n<p style=\"text-align: center;\">Mercedes Vito<br \/>\nmaksimalt 8 personer<\/p>\n<p style=\"text-align: center;\"><a href=\"https:\/\/www.taxi-innsbruck-airport.com\/da\/transfer-med-taxa-fra-lufthavnen-innsbruck-til-livigno\/\" class=\"btn-shortcode dt-btn-m dt-btn default-btn-color default-btn-hover-color default-btn-bg-color default-btn-bg-hover-color\" id=\"dt-btn-15\"><span>Lav reservation nu<\/span><\/a><\/p>\n<\/div><\/section>[\/vc_column][\/vc_row][vc_row][vc_column][vc_empty_space height=&#8221;64px&#8221;][\/vc_column][\/vc_row][vc_row][vc_column width=&#8221;1\/4&#8243;][vc_empty_space height=&#8221;15px&#8221;]<div class=\"standard-arrow list-divider bullet-top\"><ul>\n<li><a href=\"https:\/\/www.taxi-innsbruck-airport.com\/da\/transfer-med-taxa-fra-lufthavnen-innsbruck-til-alpbach\/\">Alpbach<\/a><\/li>\n<li><a href=\"https:\/\/www.taxi-innsbruck-airport.com\/da\/transfer-med-taxa-fra-lufthavnen-innsbruck-til-alpe-di-siusi\/\">Alpe di Siusi<\/a><\/li>\n<li><a href=\"https:\/\/www.taxi-innsbruck-airport.com\/da\/transfer-med-taxa-fra-lufthavnen-innsbruck-til-alta-badia\/\">Alta Badia<\/a><\/li>\n<li><a href=\"https:\/\/www.taxi-innsbruck-airport.com\/da\/transfer-med-taxa-fra-lufthavnen-innsbruck-til-bozen\/\">Bozen<\/a><\/li>\n<li><a href=\"https:\/\/www.taxi-innsbruck-airport.com\/da\/transfer-med-taxa-fra-lufthavnen-innsbruck-til-brixen-im-thale\/\">Brixen im Thale<\/a><\/li>\n<li><a href=\"https:\/\/www.taxi-innsbruck-airport.com\/da\/transfer-med-taxa-fra-lufthavnen-innsbruck-til-bruneck\/\">Bruneck<\/a><\/li>\n<li><a href=\"https:\/\/www.taxi-innsbruck-airport.com\/da\/transfer-med-taxa-fra-lufthavnen-innsbruck-til-campitello\/\">Campitello<\/a><\/li>\n<li><a href=\"https:\/\/www.taxi-innsbruck-airport.com\/da\/transfer-med-taxa-fra-lufthavnen-innsbruck-til-canazei-italy\/\">Canazei<\/a><\/li>\n<li><a href=\"https:\/\/www.taxi-innsbruck-airport.com\/da\/transfer-med-taxa-fra-lufthavnen-innsbruck-til-colfosco\/\">Colfosco<\/a><\/li>\n<li><a href=\"https:\/\/www.taxi-innsbruck-airport.com\/da\/transfer-med-taxa-fra-lufthavnen-innsbruck-til-cortina\/\">Cortina<\/a><\/li>\n<li><a href=\"https:\/\/www.taxi-innsbruck-airport.com\/da\/transfer-med-taxa-fra-lufthavnen-innsbruck-til-corvara\/\">Corvara<\/a><\/li>\n<li><a href=\"https:\/\/www.taxi-innsbruck-airport.com\/da\/transfer-med-taxa-fra-lufthavnen-innsbruck-til-ellmau\/\">Ellmau<\/a><\/li>\n<li><a href=\"https:\/\/www.taxi-innsbruck-airport.com\/da\/transfer-med-taxa-fra-lufthavnen-innsbruck-til-fiss\/\">Fiss<\/a><\/li>\n<li><a href=\"https:\/\/www.taxi-innsbruck-airport.com\/da\/transfer-med-taxa-fra-lufthavnen-innsbruck-til-fuegen\/\">F\u00fcgen<\/a><\/li>\n<li><a href=\"https:\/\/www.taxi-innsbruck-airport.com\/da\/transfer-med-taxa-fra-lufthavnen-innsbruck-til-fulpmes\/\">Fulpmes<\/a><\/li>\n<li><a href=\"https:\/\/www.taxi-innsbruck-airport.com\/da\/transfer-med-taxa-fra-lufthavnen-innsbruck-til-galtuer\/\">Galt\u00fcr<\/a><\/li>\n<li><a href=\"https:\/\/www.taxi-innsbruck-airport.com\/da\/transfer-med-taxa-fra-lufthavnen-innsbruck-til-gerlos\/\">Gerlos<\/a><\/li>\n<\/ul>\n<\/div>[\/vc_column][vc_column width=&#8221;1\/4&#8243;][vc_empty_space height=&#8221;15px&#8221;]<div class=\"standard-arrow list-divider bullet-top\"><ul>\n<li><a href=\"https:\/\/www.taxi-innsbruck-airport.com\/da\/transfer-med-taxa-fra-lufthavnen-innsbruck-til-hinterglemm\/\">Hinterglemm<\/a><\/li>\n<li><a href=\"https:\/\/www.taxi-innsbruck-airport.com\/da\/transfer-med-taxa-fra-lufthavnen-innsbruck-til-hintertux\/\">Hintertux<\/a><\/li>\n<li><a href=\"https:\/\/www.taxi-innsbruck-airport.com\/da\/transfer-med-taxa-fra-lufthavnen-innsbruck-til-hochgurgl\/\">Hochgurgl<\/a><\/li>\n<li><a href=\"https:\/\/www.taxi-innsbruck-airport.com\/da\/transfer-med-taxa-fra-lufthavnen-innsbruck-til-hochsoelden\/\">Hochs\u00f6lden<\/a><\/li>\n<li><a href=\"https:\/\/www.taxi-innsbruck-airport.com\/da\/transfer-med-taxa-fra-lufthavnen-innsbruck-til-ischgl\/\">Ischgl<\/a><\/li>\n<li><a href=\"https:\/\/www.taxi-innsbruck-airport.com\/da\/transfer-med-taxa-fra-lufthavnen-innsbruck-til-kaltenbach\/\">Kaltenbach<\/a><\/li>\n<li><a href=\"https:\/\/www.taxi-innsbruck-airport.com\/da\/transfer-med-taxa-fra-lufthavnen-innsbruck-til-kappl\/\">Kappl<\/a><\/li>\n<li><a href=\"https:\/\/www.taxi-innsbruck-airport.com\/da\/transfer-med-taxa-fra-lufthavnen-innsbruck-til-kaprun\/\">Kaprun<\/a><\/li>\n<li><a href=\"https:\/\/www.taxi-innsbruck-airport.com\/da\/transfer-med-taxa-fra-lufthavnen-innsbruck-til-kirchberg\/\">Kirchberg<\/a><\/li>\n<li><a href=\"https:\/\/www.taxi-innsbruck-airport.com\/da\/transfer-med-taxa-fra-lufthavnen-innsbruck-til-kitzbuehel\/\">Kitzb\u00fchel<\/a><\/li>\n<li><a href=\"https:\/\/www.taxi-innsbruck-airport.com\/da\/transfer-med-taxa-fra-lufthavnen-innsbruck-til-koenigsleiten\/\">K\u00f6nigsleiten<\/a><\/li>\n<li><a href=\"https:\/\/www.taxi-innsbruck-airport.com\/da\/transfer-med-taxa-fra-lufthavnen-innsbruck-til-kuehtai\/\">K\u00fchtai<\/a><\/li>\n<li><a href=\"https:\/\/www.taxi-innsbruck-airport.com\/da\/transfer-med-taxa-fra-lufthavnen-innsbruck-til-landeck\/\">Landeck<\/a><\/li>\n<li><a href=\"https:\/\/www.taxi-innsbruck-airport.com\/da\/transfer-med-taxa-fra-lufthavnen-innsbruck-til-laengenfeld\/\">L\u00e4ngenfeld<\/a><\/li>\n<li><a href=\"https:\/\/www.taxi-innsbruck-airport.com\/da\/transfer-med-taxa-fra-lufthavnen-innsbruck-til-lech-am-arlberg\/\">Lech am Arlberg<\/a><\/li>\n<li><a href=\"https:\/\/www.taxi-innsbruck-airport.com\/da\/transfer-med-taxa-fra-lufthavnen-innsbruck-til-lermoos\/\">Lermoos<\/a><\/li>\n<li><a href=\"https:\/\/www.taxi-innsbruck-airport.com\/da\/transfer-med-taxa-fra-lufthavnen-innsbruck-til-livigno\/\">Livigno<\/a><\/li>\n<\/ul>\n<\/div>[\/vc_column][vc_column width=&#8221;1\/4&#8243;][vc_empty_space height=&#8221;15px&#8221;]<div class=\"standard-arrow list-divider bullet-top\"><ul>\n<li><a href=\"https:\/\/www.taxi-innsbruck-airport.com\/da\/transfer-med-taxa-fra-lufthavnen-innsbruck-til-mathon\/\">Mathon<\/a><\/li>\n<li><a href=\"https:\/\/www.taxi-innsbruck-airport.com\/da\/transfer-med-taxa-fra-lufthavnen-innsbruck-til-maurach\/\">Maurach<\/a><\/li>\n<li><a href=\"https:\/\/www.taxi-innsbruck-airport.com\/da\/transfer-med-taxa-fra-lufthavnen-innsbruck-til-mayrhofen\/\">Mayrhofen<\/a><\/li>\n<li><a href=\"https:\/\/www.taxi-innsbruck-airport.com\/da\/transfer-med-taxa-fra-lufthavnen-innsbruck-til-meran\/\">Meran<\/a><\/li>\n<li><a href=\"https:\/\/www.taxi-innsbruck-airport.com\/da\/transfer-med-taxa-fra-lufthavnen-innsbruck-til-montafon\/\">Montafon<\/a><\/li>\n<li><a href=\"https:\/\/www.taxi-innsbruck-airport.com\/da\/transfer-med-taxa-fra-lufthavnen-innsbruck-til-neustift\/\">Neustift<\/a><\/li>\n<li><a href=\"https:\/\/www.taxi-innsbruck-airport.com\/da\/transfer-med-taxa-fra-lufthavnen-innsbruck-til-niederau\/\">Niederau<\/a><\/li>\n<li><a href=\"https:\/\/www.taxi-innsbruck-airport.com\/da\/transfer-med-taxa-fra-lufthavnen-innsbruck-til-obergurgl\/\">Obergurgl<\/a><\/li>\n<li><a href=\"https:\/\/www.taxi-innsbruck-airport.com\/da\/transfer-med-taxa-fra-lufthavnen-innsbruck-til-ortisei\/\">Ortisei<\/a><\/li>\n<li><a href=\"https:\/\/www.taxi-innsbruck-airport.com\/da\/transfer-med-taxa-fra-lufthavnen-innsbruck-til-saalbach\/\">Saalbach<\/a><\/li>\n<li><a href=\"https:\/\/www.taxi-innsbruck-airport.com\/da\/transfer-med-taxa-fra-lufthavnen-innsbruck-til-saalfelden\/\">Saalfelden<\/a><\/li>\n<li><a href=\"https:\/\/www.taxi-innsbruck-airport.com\/da\/transfer-med-taxa-fra-lufthavnen-innsbruck-til-samnaun\/\">Samnaun<\/a><\/li>\n<li><a href=\"https:\/\/www.taxi-innsbruck-airport.com\/da\/transfer-med-taxa-fra-lufthavnen-innsbruck-til-san-candido\/\">San Candido<\/a><\/li>\n<li><a href=\"https:\/\/www.taxi-innsbruck-airport.com\/da\/transfer-med-taxa-fra-lufthavnen-innsbruck-til-san-cassiano\/\">San Cassiano<\/a><\/li>\n<li><a href=\"https:\/\/www.taxi-innsbruck-airport.com\/da\/transfer-med-taxa-fra-lufthavnen-innsbruck-til-see-im-paznauntal\/\">See im Paznauntal<\/a><\/li>\n<li><a href=\"https:\/\/www.taxi-innsbruck-airport.com\/da\/transfer-med-taxa-fra-lufthavnen-innsbruck-til-seefeld\/\">Seefeld<\/a><\/li>\n<li><a href=\"https:\/\/www.taxi-innsbruck-airport.com\/da\/transfer-med-taxa-fra-lufthavnen-innsbruck-til-selva-val-gardena\/\">Selva Val Gardena<\/a><\/li>\n<\/ul>\n<\/div>[\/vc_column][vc_column width=&#8221;1\/4&#8243;][vc_empty_space height=&#8221;15px&#8221;]<div class=\"standard-arrow list-divider bullet-top\"><ul>\n<li><a href=\"https:\/\/www.taxi-innsbruck-airport.com\/da\/transfer-med-taxa-fra-lufthavnen-innsbruck-til-serfaus-fiss-ladis\/\">Serfaus-Fiss-Ladis<\/a><\/li>\n<li><a href=\"https:\/\/www.taxi-innsbruck-airport.com\/da\/transfer-med-taxa-fra-lufthavnen-innsbruck-til-soelden\/\">S\u00f6lden<\/a><\/li>\n<li><a href=\"https:\/\/www.taxi-innsbruck-airport.com\/da\/transfer-med-taxa-fra-lufthavnen-innsbruck-til-soell\/\">S\u00f6ll<\/a><\/li>\n<li><a href=\"https:\/\/www.taxi-innsbruck-airport.com\/da\/transfer-med-taxa-fra-lufthavnen-innsbruck-til-st-anton-am-arlberg\/\">St. Anton am Arlberg<\/a><\/li>\n<li><a href=\"https:\/\/www.taxi-innsbruck-airport.com\/da\/transfer-med-taxa-fra-lufthavnen-innsbruck-til-st-christina\/\">St. Christina<\/a><\/li>\n<li><a href=\"https:\/\/www.taxi-innsbruck-airport.com\/da\/transfer-med-taxa-fra-lufthavnen-innsbruck-til-st-christoph-am-arlberg\/\">St. Christoph am Arlberg<\/a><\/li>\n<li><a href=\"https:\/\/www.taxi-innsbruck-airport.com\/da\/transfer-med-taxa-fra-lufthavnen-innsbruck-til-st-jakob-am-arlberg\/\">St. Jakob am Arlberg<\/a><\/li>\n<li><a href=\"https:\/\/www.taxi-innsbruck-airport.com\/da\/transfer-med-taxa-fra-lufthavnen-innsbruck-til-st-johann-in-tirol\/\">St. Johann<\/a><\/li>\n<li><a href=\"https:\/\/www.taxi-innsbruck-airport.com\/da\/transfer-med-taxa-fra-lufthavnen-innsbruck-til-st-moritz\/\">St. Moritz<\/a><\/li>\n<li><a href=\"https:\/\/www.taxi-innsbruck-airport.com\/da\/transfer-med-taxa-fra-lufthavnen-innsbruck-til-st-vigil-am-enneberg\/\">St. Vigil am Enneberg<\/a><\/li>\n<li><a href=\"https:\/\/www.taxi-innsbruck-airport.com\/da\/transfer-med-taxa-fra-lufthavnen-innsbruck-til-stubaier-gletscher\/\">Stubaier Gletscher<\/a><\/li>\n<li><a href=\"https:\/\/www.taxi-innsbruck-airport.com\/da\/transfer-med-taxa-fra-lufthavnen-innsbruck-til-tux\/\">Tux<\/a><\/li>\n<li><a href=\"https:\/\/www.taxi-innsbruck-airport.com\/da\/transfer-med-taxa-fra-lufthavnen-innsbruck-til-westendorf\/\">Westendorf<\/a><\/li>\n<li><a href=\"https:\/\/www.taxi-innsbruck-airport.com\/da\/transfer-med-taxa-fra-lufthavnen-innsbruck-til-wolkenstein\/\">Wolkenstein<\/a><\/li>\n<li><a href=\"https:\/\/www.taxi-innsbruck-airport.com\/da\/transfer-med-taxa-fra-lufthavnen-innsbruck-til-zell-am-see\/\">Zell am See<\/a><\/li>\n<li><a href=\"https:\/\/www.taxi-innsbruck-airport.com\/da\/transfer-med-taxa-fra-lufthavnen-innsbruck-til-zell-am-ziller\/\">Zell am Ziller<\/a><\/li>\n<li><a href=\"https:\/\/www.taxi-innsbruck-airport.com\/da\/transfer-med-taxa-fra-lufthavnen-innsbruck-til-zuers\/\">Z\u00fcrs<\/a><\/li>\n<\/ul>\n<\/div>[\/vc_column][\/vc_row]<\/p>\n<\/div>","protected":false},"excerpt":{"rendered":"<p>[vc_row][vc_column][vc_empty_space height=&#8221;35px&#8221;][vc_column_text] Lav din reservation i god tid og sikre dig den bedste pris for din transfer! Sikre dig op til 40% prisfordel for din transfer fra lufthavnen Innsbruck, n\u00e5r du laver din reservation nu! Vi tilbyder udelukkende privattransfers i de nyeste biler fra Mercedes Benz. Vores chauff\u00f8rer har lokalkendskab, er flersprogede og hj\u00e6lpsomme.\u00a0 [\/vc_column_text][vc_empty_space&hellip;<\/p>\n","protected":false},"author":1,"featured_media":0,"parent":0,"menu_order":0,"comment_status":"closed","ping_status":"closed","template":"","meta":{"_acf_changed":false,"footnotes":""},"class_list":["post-19423","page","type-page","status-publish","hentry","description-off"],"acf":[],"_links":{"self":[{"href":"https:\/\/www.taxi-innsbruck-airport.com\/da\/wp-json\/wp\/v2\/pages\/19423","targetHints":{"allow":["GET"]}}],"collection":[{"href":"https:\/\/www.taxi-innsbruck-airport.com\/da\/wp-json\/wp\/v2\/pages"}],"about":[{"href":"https:\/\/www.taxi-innsbruck-airport.com\/da\/wp-json\/wp\/v2\/types\/page"}],"author":[{"embeddable":true,"href":"https:\/\/www.taxi-innsbruck-airport.com\/da\/wp-json\/wp\/v2\/users\/1"}],"replies":[{"embeddable":true,"href":"https:\/\/www.taxi-innsbruck-airport.com\/da\/wp-json\/wp\/v2\/comments?post=19423"}],"version-history":[{"count":0,"href":"https:\/\/www.taxi-innsbruck-airport.com\/da\/wp-json\/wp\/v2\/pages\/19423\/revisions"}],"wp:attachment":[{"href":"https:\/\/www.taxi-innsbruck-airport.com\/da\/wp-json\/wp\/v2\/media?parent=19423"}],"curies":[{"name":"wp","href":"https:\/\/api.w.org\/{rel}","templated":true}]}}